{"id":359,"date":"2016-11-25T11:37:40","date_gmt":"2016-11-25T11:37:40","guid":{"rendered":"http:\/\/rovinjhr.lin53.host25.com\/?page_id=359"},"modified":"2025-07-28T14:44:01","modified_gmt":"2025-07-28T12:44:01","slug":"stalna-radna-tijela","status":"publish","type":"page","link":"https:\/\/www.rovinj-rovigno.hr\/it\/amministrazione-cittadina-e-organizzazione\/hrvatski-gradsko-vijece\/hrvatski-stalna-radna-tijela\/","title":{"rendered":"Organismi di lavoro"},"content":{"rendered":"<p><\/p>\n<article class=\"text-token-text-primary w-full\" dir=\"auto\" data-testid=\"conversation-turn-74\" data-scroll-anchor=\"true\">\n<div class=\"text-base my-auto mx-auto py-5 [--thread-content-margin:--spacing(4)] @[37rem]:[--thread-content-margin:--spacing(6)] @[72rem]:[--thread-content-margin:--spacing(16)] px-(--thread-content-margin)\">\n<div class=\"[--thread-content-max-width:32rem] @[34rem]:[--thread-content-max-width:40rem] @[64rem]:[--thread-content-max-width:48rem] mx-auto flex max-w-(--thread-content-max-width) flex-1 text-base gap-4 md:gap-5 lg:gap-6 group\/turn-messages focus-visible:outline-hidden\">\n<div class=\"group\/conversation-turn relative flex w-full min-w-0 flex-col agent-turn\">\n<div class=\"relative flex-col gap-1 md:gap-3\">\n<div class=\"flex max-w-full flex-col grow\">\n<div class=\"min-h-8 text-message relative flex w-full flex-col items-end gap-2 text-start break-words whitespace-normal [.text-message+&amp;]:mt-5\" dir=\"auto\" data-message-author-role=\"assistant\" data-message-id=\"7cdcadbd-61c6-4efd-a478-1a743c867053\" data-message-model-slug=\"gpt-4o\">\n<div class=\"flex w-full flex-col gap-1 empty:hidden first:pt-[3px]\">\n<div class=\"markdown prose dark:prose-invert w-full break-words light\">\n<p data-start=\"33\" data-end=\"120\"><strong data-start=\"33\" data-end=\"120\">COMPONENTI DEGLI ORGANI DI LAVORO DEL CONSIGLIO COMUNALE PER IL MANDATO 2025 \u2013 2029<\/strong><\/p>\n<p data-start=\"122\" data-end=\"316\"><strong data-start=\"122\" data-end=\"180\">Comitato per lo Statuto, il Regolamento e le Normative<\/strong><br data-start=\"180\" data-end=\"183\" \/>Tea Batel, presidente<br data-start=\"204\" data-end=\"207\" \/>Klaudio Poropat, vicepresidente<br data-start=\"238\" data-end=\"241\" \/>Evelina Saki\u0107, membro<br data-start=\"262\" data-end=\"265\" \/>Mar\u010delo Mohorovi\u0107, membro<br data-start=\"290\" data-end=\"293\" \/>Petar Radeti\u0107, membro<\/p>\n<p data-start=\"318\" data-end=\"561\"><strong data-start=\"318\" data-end=\"416\">Comitato per la Pianificazione Territoriale, la Tutela dell\u2019Ambiente e lo Sviluppo Sostenibile<\/strong><br data-start=\"416\" data-end=\"419\" \/>Maria Bla\u017eina, presidente<br data-start=\"444\" data-end=\"447\" \/>Milan Ko\u0161ara, vicepresidente<br data-start=\"475\" data-end=\"478\" \/>Robert Mavri\u0107, membro<br data-start=\"499\" data-end=\"502\" \/>Mar\u010delo Mohorovi\u0107, membro<br data-start=\"527\" data-end=\"530\" \/>\u0110enifer Domba Rogovi\u0107, membro<\/p>\n<p data-start=\"563\" data-end=\"754\"><strong data-start=\"563\" data-end=\"628\">Comitato per il Bilancio, le Finanze e il Patrimonio Comunale<\/strong><br data-start=\"628\" data-end=\"631\" \/>Tea Batel, presidente<br data-start=\"652\" data-end=\"655\" \/>Maria Bla\u017eina, vicepresidente<br data-start=\"684\" data-end=\"687\" \/>Iva Mati\u0107, membro<br data-start=\"704\" data-end=\"707\" \/>Milan Ko\u0161ara, membro<br data-start=\"727\" data-end=\"730\" \/>Marica Veggian, membro<\/p>\n<p data-start=\"756\" data-end=\"948\"><strong data-start=\"756\" data-end=\"821\">Comitato per l\u2019Istruzione, l\u2019Infanzia, la Scuola e la Cultura<\/strong><br data-start=\"821\" data-end=\"824\" \/>Eda Kal\u010di\u0107, presidente<br data-start=\"846\" data-end=\"849\" \/>Ines Venier, vicepresidente<br data-start=\"876\" data-end=\"879\" \/>Irina Basara, membro<br data-start=\"899\" data-end=\"902\" \/>Silvia Curto, membro<br data-start=\"922\" data-end=\"925\" \/>Maria Bla\u017eina, membro<\/p>\n<p data-start=\"950\" data-end=\"1144\"><strong data-start=\"950\" data-end=\"1007\">Comitato per l\u2019Economia, il Turismo e la Ristorazione<\/strong><br data-start=\"1007\" data-end=\"1010\" \/>Iva Mati\u0107, presidente<br data-start=\"1031\" data-end=\"1034\" \/>Monica Marich, vicepresidente<br data-start=\"1063\" data-end=\"1066\" \/>Patricija Van\u0111eli\u0107, membro<br data-start=\"1092\" data-end=\"1095\" \/>Klaudio Poropat, membro<br data-start=\"1118\" data-end=\"1121\" \/>Ivetta Vol\u010di\u0107, membro<\/p>\n<p data-start=\"1146\" data-end=\"1335\"><strong data-start=\"1146\" data-end=\"1195\">Comitato per i Servizi Pubblici e il Traffico<\/strong><br data-start=\"1195\" data-end=\"1198\" \/>Mar\u010delo Mohorovi\u0107, presidente<br data-start=\"1227\" data-end=\"1230\" \/>Sini\u0161a \u0160kaberna, vicepresidente<br data-start=\"1261\" data-end=\"1264\" \/>Robert Mavri\u0107, membro<br data-start=\"1285\" data-end=\"1288\" \/>Tomislav So\u0161i\u0107, membro<br data-start=\"1310\" data-end=\"1313\" \/>Damir Ga\u0161pi\u0107, membro<\/p>\n<p data-start=\"1337\" data-end=\"1538\"><strong data-start=\"1337\" data-end=\"1397\">Comitato per lo Sport, la Salute e la Protezione Sociale<\/strong><br data-start=\"1397\" data-end=\"1400\" \/>Goran Suboti\u0107, presidente<br data-start=\"1425\" data-end=\"1428\" \/>Vesna Kancelir, vicepresidente<br data-start=\"1458\" data-end=\"1461\" \/>Iva Mati\u0107, membro<br data-start=\"1478\" data-end=\"1481\" \/>Corinna Pellizzer Lan\u010da, membro<br data-start=\"1512\" data-end=\"1515\" \/>Maria Bla\u017eina, membro<\/p>\n<p data-start=\"1540\" data-end=\"1737\"><strong data-start=\"1540\" data-end=\"1598\">Comitato per i Vigili del Fuoco e la Protezione Civile<\/strong><br data-start=\"1598\" data-end=\"1601\" \/>Klaudio Poropat, presidente<br data-start=\"1628\" data-end=\"1631\" \/>Emil Radovan, vicepresidente<br data-start=\"1659\" data-end=\"1662\" \/>Abedin Ramadani, membro<br data-start=\"1685\" data-end=\"1688\" \/>Robert Mavri\u0107, membro<br data-start=\"1709\" data-end=\"1712\" \/>Denis Brajnovi\u0107, membro<\/p>\n<p data-start=\"1739\" data-end=\"1991\"><strong data-start=\"1739\" data-end=\"1839\">Commissione per le Questioni e la Tutela dei Diritti della Comunit\u00e0 Nazionale Italiana Autoctona<\/strong><br data-start=\"1839\" data-end=\"1842\" \/>Ines Venier, presidente<br data-start=\"1865\" data-end=\"1868\" \/>Helena Budicin Modri\u0107, vicepresidente<br data-start=\"1905\" data-end=\"1908\" \/>Tea Batel, membro<br data-start=\"1925\" data-end=\"1928\" \/>Gianclaudio Pellizzer, membro<br data-start=\"1957\" data-end=\"1960\" \/>Marina Ferro Damuggia, membro<\/p>\n<p data-start=\"1993\" data-end=\"2217\"><strong data-start=\"1993\" data-end=\"2077\">Comitato per l\u2019Assegnazione dei Premi, Onorificenze e Riconoscimenti della Citt\u00e0<\/strong><br data-start=\"2077\" data-end=\"2080\" \/>Helena Budicin Modri\u0107, presidente<br data-start=\"2113\" data-end=\"2116\" \/>Robert Mavri\u0107, vicepresidente<br data-start=\"2145\" data-end=\"2148\" \/>Petar Radeti\u0107, membro<br data-start=\"2169\" data-end=\"2172\" \/>Ronald Palaziol, membro<br data-start=\"2195\" data-end=\"2198\" \/>Tea Batel, membro<\/p>\n<p data-start=\"2219\" data-end=\"2388\"><strong data-start=\"2219\" data-end=\"2259\">Comitato per le Elezioni e le Nomine<\/strong><br data-start=\"2259\" data-end=\"2262\" \/>Eda Kal\u010di\u0107, presidente<br data-start=\"2284\" data-end=\"2287\" \/>Sini\u0161a \u0160kaberna, vicepresidente<br data-start=\"2318\" data-end=\"2321\" \/>Klaudio Poropat, membro<br data-start=\"2344\" data-end=\"2347\" \/>Iva Mati\u0107, membro<br data-start=\"2364\" data-end=\"2367\" \/>Ines Venier, membro<\/p>\n<p data-start=\"2390\" data-end=\"2588\"><strong data-start=\"2390\" data-end=\"2454\">Comitato per la Denominazione di Vie, Piazze e Toponomastica<\/strong><br data-start=\"2454\" data-end=\"2457\" \/>Monica Marich, presidente<br data-start=\"2482\" data-end=\"2485\" \/>Mirko Bijelonji\u0107, vicepresidente<br data-start=\"2517\" data-end=\"2520\" \/>Dejan Herbut, membro<br data-start=\"2540\" data-end=\"2543\" \/>Ines Venier, membro<br data-start=\"2562\" data-end=\"2565\" \/>Raul Marseti\u010d, membro<\/p>\n<p data-start=\"2590\" data-end=\"2761\"><strong data-start=\"2590\" data-end=\"2631\">Comitato per le Petizioni e i Reclami<\/strong><br data-start=\"2631\" data-end=\"2634\" \/>Milan Ko\u0161ara, presidente<br data-start=\"2658\" data-end=\"2661\" \/>Emil Radovan, vicepresidente<br data-start=\"2689\" data-end=\"2692\" \/>Monica Marich, membro<br data-start=\"2713\" data-end=\"2716\" \/>Olja Fazlovi\u0107, membro<br data-start=\"2737\" data-end=\"2740\" \/>Ivica Pavi\u0107, membro<\/p>\n<p data-start=\"2763\" data-end=\"2875\" data-is-last-node=\"\" data-is-only-node=\"\"><strong data-start=\"2763\" data-end=\"2789\">Commissione Mandataria<\/strong><br data-start=\"2789\" data-end=\"2792\" \/>Goran Suboti\u0107, presidente<br data-start=\"2817\" data-end=\"2820\" \/>Mirko Bijelonji\u0107, vicepresidente<br data-start=\"2852\" data-end=\"2855\" \/>Emil Radovan, membro<\/p>\n<\/div>\n<\/div>\n<\/div>\n<\/div>\n<div class=\"mx-[var(--mini-thread-content-inset)]\">\n<div class=\"flex min-h-[46px] justify-start\">\n<div class=\"touch:-me-2 touch:-ms-3.5 -ms-2.5 -me-1 flex flex-wrap items-center gap-y-4 p-1 select-none touch:w-[calc(100%+--spacing(3.5))] -mt-1 w-[calc(100%+--spacing(2.5))] duration-[1.5s] focus-within:transition-none hover:transition-none pointer-events-none [mask-image:linear-gradient(to_right,black_33%,transparent_66%)] [mask-size:300%_100%] [mask-position:100%_0%] motion-safe:transition-[mask-position] group-hover\/turn-messages:pointer-events-auto group-hover\/turn-messages:[mask-position:0_0] group-focus-within\/turn-messages:pointer-events-auto group-focus-within\/turn-messages:[mask-position:0_0] has-data-[state=open]:pointer-events-auto has-data-[state=open]:[mask-position:0_0]\"><button class=\"text-token-text-secondary hover:bg-token-bg-secondary rounded-lg\" aria-label=\"Copy\" data-testid=\"copy-turn-action-button\" data-state=\"closed\"><\/button><button class=\"text-token-text-secondary hover:bg-token-bg-secondary rounded-lg\" aria-label=\"Good response\" data-testid=\"good-response-turn-action-button\" data-state=\"closed\"><\/button><button class=\"text-token-text-secondary hover:bg-token-bg-secondary rounded-lg\" aria-label=\"Bad response\" data-testid=\"bad-response-turn-action-button\" data-state=\"closed\"><\/button><button class=\"text-token-text-secondary hover:bg-token-bg-secondary rounded-lg\" aria-label=\"Read aloud\" data-testid=\"voice-play-turn-action-button\" data-state=\"closed\"><\/button><button class=\"text-token-text-secondary hover:bg-token-bg-secondary rounded-lg\" aria-label=\"Edit in canvas\" data-state=\"closed\"><\/button><button class=\"text-token-text-secondary hover:bg-token-bg-secondary rounded-lg\" aria-label=\"Share\" data-state=\"closed\"><\/button><\/p>\n<div class=\"flex items-center\"><\/div>\n<\/div>\n<\/div>\n<\/div>\n<div class=\"mt-3 w-full empty:hidden\">\n<div class=\"text-center\"><\/div>\n<\/div>\n<\/div>\n<div class=\"aria-live=polite absolute\">\n<div class=\"flex items-center justify-center\"><span class=\"flex items-center gap-1.5 select-none\"><span class=\"sr-only whitespace-nowrap! md:not-sr-only\">Ask ChatGPT<\/span><\/span><\/div>\n<\/div>\n<\/div>\n<\/div>\n<\/div>\n<\/article>\n<div class=\"pointer-events-none h-px w-px\" aria-hidden=\"true\" data-edge=\"true\"><\/div>\n<p><\/p>","protected":false},"excerpt":{"rendered":"<p>COMPONENTI DEGLI ORGANI DI LAVORO DEL CONSIGLIO COMUNALE PER IL MANDATO 2025 \u2013 2029 Comitato per lo Statuto, il Regolamento e le NormativeTea Batel, presidenteKlaudio Poropat, vicepresidenteEvelina Saki\u0107, membroMar\u010delo Mohorovi\u0107, membroPetar Radeti\u0107, membro Comitato per la Pianificazione Territoriale, la Tutela dell\u2019Ambiente e lo Sviluppo SostenibileMaria Bla\u017eina, presidenteMilan Ko\u0161ara, vicepresidenteRobert Mavri\u0107, membroMar\u010delo Mohorovi\u0107, membro\u0110enifer Domba Rogovi\u0107, [&hellip;]<\/p>\n","protected":false},"author":2,"featured_media":0,"parent":237,"menu_order":42,"comment_status":"closed","ping_status":"closed","template":"","meta":[],"yoast_head":"<!-- This site is optimized with the Yoast SEO plugin v21.8.1 - https:\/\/yoast.com\/wordpress\/plugins\/seo\/ -->\n<title>Organismi di lavoro - Citta di Rovinj-Rovigno<\/title>\n<meta name=\"robots\" content=\"index, follow, max-snippet:-1, max-image-preview:large, max-video-preview:-1\" \/>\n<link rel=\"canonical\" href=\"https:\/\/www.rovinj-rovigno.hr\/gradska-uprava-i-organizacija\/gradsko-vijece\/stalna-radna-tijela\/\" \/>\n<meta property=\"og:locale\" content=\"it_IT\" \/>\n<meta property=\"og:type\" content=\"article\" \/>\n<meta property=\"og:title\" content=\"Organismi di lavoro - Citta di Rovinj-Rovigno\" \/>\n<meta property=\"og:description\" content=\"COMPONENTI DEGLI ORGANI DI LAVORO DEL CONSIGLIO COMUNALE PER IL MANDATO 2025 \u2013 2029 Comitato per lo Statuto, il Regolamento e le NormativeTea Batel, presidenteKlaudio Poropat, vicepresidenteEvelina Saki\u0107, membroMar\u010delo Mohorovi\u0107, membroPetar Radeti\u0107, membro Comitato per la Pianificazione Territoriale, la Tutela dell\u2019Ambiente e lo Sviluppo SostenibileMaria Bla\u017eina, presidenteMilan Ko\u0161ara, vicepresidenteRobert Mavri\u0107, membroMar\u010delo Mohorovi\u0107, membro\u0110enifer Domba Rogovi\u0107, [&hellip;]\" \/>\n<meta property=\"og:url\" content=\"https:\/\/www.rovinj-rovigno.hr\/gradska-uprava-i-organizacija\/gradsko-vijece\/stalna-radna-tijela\/\" \/>\n<meta property=\"og:site_name\" content=\"Citta di Rovinj-Rovigno\" \/>\n<meta property=\"article:modified_time\" content=\"2025-07-28T12:44:01+00:00\" \/>\n<meta name=\"twitter:card\" content=\"summary_large_image\" \/>\n<meta name=\"twitter:label1\" content=\"Tempo di lettura stimato\" \/>\n\t<meta name=\"twitter:data1\" content=\"2 minuti\" \/>\n<script type=\"application\/ld+json\" class=\"yoast-schema-graph\">{\"@context\":\"https:\/\/schema.org\",\"@graph\":[{\"@type\":\"WebPage\",\"@id\":\"https:\/\/www.rovinj-rovigno.hr\/gradska-uprava-i-organizacija\/gradsko-vijece\/stalna-radna-tijela\/\",\"url\":\"https:\/\/www.rovinj-rovigno.hr\/gradska-uprava-i-organizacija\/gradsko-vijece\/stalna-radna-tijela\/\",\"name\":\"Organismi di lavoro - Citta di Rovinj-Rovigno\",\"isPartOf\":{\"@id\":\"https:\/\/www.rovinj-rovigno.hr\/#website\"},\"datePublished\":\"2016-11-25T11:37:40+00:00\",\"dateModified\":\"2025-07-28T12:44:01+00:00\",\"breadcrumb\":{\"@id\":\"https:\/\/www.rovinj-rovigno.hr\/gradska-uprava-i-organizacija\/gradsko-vijece\/stalna-radna-tijela\/#breadcrumb\"},\"inLanguage\":\"it-IT\",\"potentialAction\":[{\"@type\":\"ReadAction\",\"target\":[\"https:\/\/www.rovinj-rovigno.hr\/gradska-uprava-i-organizacija\/gradsko-vijece\/stalna-radna-tijela\/\"]}]},{\"@type\":\"BreadcrumbList\",\"@id\":\"https:\/\/www.rovinj-rovigno.hr\/gradska-uprava-i-organizacija\/gradsko-vijece\/stalna-radna-tijela\/#breadcrumb\",\"itemListElement\":[{\"@type\":\"ListItem\",\"position\":1,\"name\":\"Po\u010detna stranica\",\"item\":\"https:\/\/www.rovinj-rovigno.hr\/\"},{\"@type\":\"ListItem\",\"position\":2,\"name\":\"Gradska uprava i organizacija\",\"item\":\"https:\/\/www.rovinj-rovigno.hr\/gradska-uprava-i-organizacija\/\"},{\"@type\":\"ListItem\",\"position\":3,\"name\":\"Gradsko vije\u0107e\",\"item\":\"https:\/\/www.rovinj-rovigno.hr\/gradska-uprava-i-organizacija\/gradsko-vijece\/\"},{\"@type\":\"ListItem\",\"position\":4,\"name\":\"Stalna radna tijela\"}]},{\"@type\":\"WebSite\",\"@id\":\"https:\/\/www.rovinj-rovigno.hr\/#website\",\"url\":\"https:\/\/www.rovinj-rovigno.hr\/\",\"name\":\"Citta di Rovinj-Rovigno\",\"description\":\"Sito ufficiale della Citta di Rovinj-Rovigno\",\"potentialAction\":[{\"@type\":\"SearchAction\",\"target\":{\"@type\":\"EntryPoint\",\"urlTemplate\":\"https:\/\/www.rovinj-rovigno.hr\/?s={search_term_string}\"},\"query-input\":\"required name=search_term_string\"}],\"inLanguage\":\"it-IT\"}]}<\/script>\n<!-- \/ Yoast SEO plugin. -->","yoast_head_json":{"title":"Organismi di lavoro - Citta di Rovinj-Rovigno","robots":{"index":"index","follow":"follow","max-snippet":"max-snippet:-1","max-image-preview":"max-image-preview:large","max-video-preview":"max-video-preview:-1"},"canonical":"https:\/\/www.rovinj-rovigno.hr\/gradska-uprava-i-organizacija\/gradsko-vijece\/stalna-radna-tijela\/","og_locale":"it_IT","og_type":"article","og_title":"Organismi di lavoro - Citta di Rovinj-Rovigno","og_description":"COMPONENTI DEGLI ORGANI DI LAVORO DEL CONSIGLIO COMUNALE PER IL MANDATO 2025 \u2013 2029 Comitato per lo Statuto, il Regolamento e le NormativeTea Batel, presidenteKlaudio Poropat, vicepresidenteEvelina Saki\u0107, membroMar\u010delo Mohorovi\u0107, membroPetar Radeti\u0107, membro Comitato per la Pianificazione Territoriale, la Tutela dell\u2019Ambiente e lo Sviluppo SostenibileMaria Bla\u017eina, presidenteMilan Ko\u0161ara, vicepresidenteRobert Mavri\u0107, membroMar\u010delo Mohorovi\u0107, membro\u0110enifer Domba Rogovi\u0107, [&hellip;]","og_url":"https:\/\/www.rovinj-rovigno.hr\/gradska-uprava-i-organizacija\/gradsko-vijece\/stalna-radna-tijela\/","og_site_name":"Citta di Rovinj-Rovigno","article_modified_time":"2025-07-28T12:44:01+00:00","twitter_card":"summary_large_image","twitter_misc":{"Tempo di lettura stimato":"2 minuti"},"schema":{"@context":"https:\/\/schema.org","@graph":[{"@type":"WebPage","@id":"https:\/\/www.rovinj-rovigno.hr\/gradska-uprava-i-organizacija\/gradsko-vijece\/stalna-radna-tijela\/","url":"https:\/\/www.rovinj-rovigno.hr\/gradska-uprava-i-organizacija\/gradsko-vijece\/stalna-radna-tijela\/","name":"Organismi di lavoro - Citta di Rovinj-Rovigno","isPartOf":{"@id":"https:\/\/www.rovinj-rovigno.hr\/#website"},"datePublished":"2016-11-25T11:37:40+00:00","dateModified":"2025-07-28T12:44:01+00:00","breadcrumb":{"@id":"https:\/\/www.rovinj-rovigno.hr\/gradska-uprava-i-organizacija\/gradsko-vijece\/stalna-radna-tijela\/#breadcrumb"},"inLanguage":"it-IT","potentialAction":[{"@type":"ReadAction","target":["https:\/\/www.rovinj-rovigno.hr\/gradska-uprava-i-organizacija\/gradsko-vijece\/stalna-radna-tijela\/"]}]},{"@type":"BreadcrumbList","@id":"https:\/\/www.rovinj-rovigno.hr\/gradska-uprava-i-organizacija\/gradsko-vijece\/stalna-radna-tijela\/#breadcrumb","itemListElement":[{"@type":"ListItem","position":1,"name":"Po\u010detna stranica","item":"https:\/\/www.rovinj-rovigno.hr\/"},{"@type":"ListItem","position":2,"name":"Gradska uprava i organizacija","item":"https:\/\/www.rovinj-rovigno.hr\/gradska-uprava-i-organizacija\/"},{"@type":"ListItem","position":3,"name":"Gradsko vije\u0107e","item":"https:\/\/www.rovinj-rovigno.hr\/gradska-uprava-i-organizacija\/gradsko-vijece\/"},{"@type":"ListItem","position":4,"name":"Stalna radna tijela"}]},{"@type":"WebSite","@id":"https:\/\/www.rovinj-rovigno.hr\/#website","url":"https:\/\/www.rovinj-rovigno.hr\/","name":"Citta di Rovinj-Rovigno","description":"Sito ufficiale della Citta di Rovinj-Rovigno","potentialAction":[{"@type":"SearchAction","target":{"@type":"EntryPoint","urlTemplate":"https:\/\/www.rovinj-rovigno.hr\/?s={search_term_string}"},"query-input":"required name=search_term_string"}],"inLanguage":"it-IT"}]}},"_links":{"self":[{"href":"https:\/\/www.rovinj-rovigno.hr\/it\/wp-json\/wp\/v2\/pages\/359"}],"collection":[{"href":"https:\/\/www.rovinj-rovigno.hr\/it\/wp-json\/wp\/v2\/pages"}],"about":[{"href":"https:\/\/www.rovinj-rovigno.hr\/it\/wp-json\/wp\/v2\/types\/page"}],"author":[{"embeddable":true,"href":"https:\/\/www.rovinj-rovigno.hr\/it\/wp-json\/wp\/v2\/users\/2"}],"replies":[{"embeddable":true,"href":"https:\/\/www.rovinj-rovigno.hr\/it\/wp-json\/wp\/v2\/comments?post=359"}],"version-history":[{"count":1,"href":"https:\/\/www.rovinj-rovigno.hr\/it\/wp-json\/wp\/v2\/pages\/359\/revisions"}],"predecessor-version":[{"id":47178,"href":"https:\/\/www.rovinj-rovigno.hr\/it\/wp-json\/wp\/v2\/pages\/359\/revisions\/47178"}],"up":[{"embeddable":true,"href":"https:\/\/www.rovinj-rovigno.hr\/it\/wp-json\/wp\/v2\/pages\/237"}],"wp:attachment":[{"href":"https:\/\/www.rovinj-rovigno.hr\/it\/wp-json\/wp\/v2\/media?parent=359"}],"curies":[{"name":"wp","href":"https:\/\/api.w.org\/{rel}","templated":true}]}}