{"id":231,"date":"2016-11-22T08:53:49","date_gmt":"2016-11-22T08:53:49","guid":{"rendered":"http:\/\/rovinjhr.lin53.host25.com\/?page_id=231"},"modified":"2026-01-07T14:25:09","modified_gmt":"2026-01-07T12:25:09","slug":"gradonacelnik","status":"publish","type":"page","link":"https:\/\/www.rovinj-rovigno.hr\/it\/amministrazione-cittadina-e-organizzazione\/hrvatski-gradonacelnik\/","title":{"rendered":"Il Sindaco"},"content":{"rendered":"<p>&nbsp;<\/p>\n<p><img decoding=\"async\" loading=\"lazy\" class=\"size-medium wp-image-46230 alignright\" src=\"https:\/\/www.rovinj-rovigno.hr\/wp-content\/uploads\/2025\/05\/Emil-300x298.png\" alt=\"\" width=\"300\" height=\"298\" srcset=\"https:\/\/www.rovinj-rovigno.hr\/wp-content\/uploads\/2025\/05\/Emil-300x298.png 300w, https:\/\/www.rovinj-rovigno.hr\/wp-content\/uploads\/2025\/05\/Emil-150x150.png 150w, https:\/\/www.rovinj-rovigno.hr\/wp-content\/uploads\/2025\/05\/Emil-768x763.png 768w, https:\/\/www.rovinj-rovigno.hr\/wp-content\/uploads\/2025\/05\/Emil.png 990w\" sizes=\"(max-width: 300px) 100vw, 300px\" \/>Emil Nim\u010devi\u0107 \u00e8 nato il 4 dicembre 1979 a Pola e ha trascorso l\u2019infanzia a Rovigno, dove ha completato il percorso prescolare, la scuola elementare e quella media superiore. Successivamente si iscrive alla Facolt\u00e0 di Cinesiologia dell\u2019Universit\u00e0 di Zagabria, dove consegue il titolo di professore di educazione fisica. Durante gli studi approfondisce ulteriormente le proprie competenze nel campo dello sport, frequentando l\u2019Accademia UEFA e ottenendo la prestigiosa licenza di allenatore UEFA-A.<\/p>\n<p data-start=\"491\" data-end=\"1053\">Dopo la laurea, per tre anni svolge l\u2019attivit\u00e0 di collaboratore esterno nel corso Sport acquatici presso la Facolt\u00e0 di Cinesiologia dell\u2019Universit\u00e0 di Zagabria. Dal 2006 viene assunto presso la Scuola professionale \u201cEugen Kumi\u010di\u0107\u201d di Rovigno come professore di educazione fisica e salute. Nel periodo dal 2006 al 2012 \u00e8 attivo anche nella vita sportiva di Rovigno come allenatore della prima squadra del Club Calcistico Rovinj; parallelamente \u00e8 segretario dell\u2019Associazione dei cinesiologi della Citt\u00e0 di Rovinj ed \u00e8 membro del consiglio direttivo del NK Rovinj.<\/p>\n<p data-start=\"1055\" data-end=\"1765\">Nel 2018 viene nominato preside della Scuola professionale \u201cEugen Kumi\u010di\u0107\u201d di Rovigno, dove avvia e realizza numerosi progetti significativi. Si distinguono in particolare i progetti internazionali Erasmus, grazie ai quali studenti e docenti partecipano a percorsi di formazione e scambi professionali in tutta Europa, rendendo la scuola sempre pi\u00f9 aperta alle tendenze contemporanee dell\u2019istruzione. Inoltre, sotto la sua guida la scuola diventa partner del Centro regionale di competenza nel settore della ristorazione e del turismo, posizionandosi come un importante punto di riferimento per la formazione e lo sviluppo del comparto turistico e dell\u2019ospitalit\u00e0, non solo per Rovigno ma per l\u2019intera regione.<\/p>\n<p data-start=\"1767\" data-end=\"1923\">Rimane in tale incarico fino al 2021, quando viene eletto presidente del Consiglio comunale della Citt\u00e0 di Rovinj-Rovigno, funzione che svolge fino al 2025.<\/p>\n<p data-start=\"1925\" data-end=\"2192\" data-is-last-node=\"\" data-is-only-node=\"\">Successivamente viene eletto sindaco della Citt\u00e0 di Rovinj-Rovigno, incarico che ricopre tuttora, continuando a coniugare l\u2019esperienza maturata nell\u2019educazione, nella formazione e nello sport con una visione di sviluppo della citt\u00e0 e del benessere dei suoi cittadini.<\/p>\n<p>&nbsp;<\/p>\n<p>&nbsp;<\/p>","protected":false},"excerpt":{"rendered":"<p>&nbsp; Emil Nim\u010devi\u0107 \u00e8 nato il 4 dicembre 1979 a Pola e ha trascorso l\u2019infanzia a Rovigno, dove ha completato il percorso prescolare, la scuola elementare e quella media superiore. Successivamente si iscrive alla Facolt\u00e0 di Cinesiologia dell\u2019Universit\u00e0 di Zagabria, dove consegue il titolo di professore di educazione fisica. Durante gli studi approfondisce ulteriormente le [&hellip;]<\/p>\n","protected":false},"author":2,"featured_media":0,"parent":16,"menu_order":46,"comment_status":"closed","ping_status":"closed","template":"","meta":[],"yoast_head":"<!-- This site is optimized with the Yoast SEO plugin v21.8.1 - https:\/\/yoast.com\/wordpress\/plugins\/seo\/ -->\n<title>Il Sindaco - Citta di Rovinj-Rovigno<\/title>\n<meta name=\"robots\" content=\"index, follow, max-snippet:-1, max-image-preview:large, max-video-preview:-1\" \/>\n<link rel=\"canonical\" href=\"https:\/\/www.rovinj-rovigno.hr\/gradska-uprava-i-organizacija\/gradonacelnik\/\" \/>\n<meta property=\"og:locale\" content=\"it_IT\" \/>\n<meta property=\"og:type\" content=\"article\" \/>\n<meta property=\"og:title\" content=\"Il Sindaco - Citta di Rovinj-Rovigno\" \/>\n<meta property=\"og:description\" content=\"&nbsp; Emil Nim\u010devi\u0107 \u00e8 nato il 4 dicembre 1979 a Pola e ha trascorso l\u2019infanzia a Rovigno, dove ha completato il percorso prescolare, la scuola elementare e quella media superiore. Successivamente si iscrive alla Facolt\u00e0 di Cinesiologia dell\u2019Universit\u00e0 di Zagabria, dove consegue il titolo di professore di educazione fisica. Durante gli studi approfondisce ulteriormente le [&hellip;]\" \/>\n<meta property=\"og:url\" content=\"https:\/\/www.rovinj-rovigno.hr\/gradska-uprava-i-organizacija\/gradonacelnik\/\" \/>\n<meta property=\"og:site_name\" content=\"Citta di Rovinj-Rovigno\" \/>\n<meta property=\"article:modified_time\" content=\"2026-01-07T12:25:09+00:00\" \/>\n<meta property=\"og:image\" content=\"https:\/\/www.rovinj-rovigno.hr\/wp-content\/uploads\/2025\/05\/Emil-300x298.png\" \/>\n<meta name=\"twitter:card\" content=\"summary_large_image\" \/>\n<meta name=\"twitter:label1\" content=\"Tempo di lettura stimato\" \/>\n\t<meta name=\"twitter:data1\" content=\"2 minuti\" \/>\n<script type=\"application\/ld+json\" class=\"yoast-schema-graph\">{\"@context\":\"https:\/\/schema.org\",\"@graph\":[{\"@type\":\"WebPage\",\"@id\":\"https:\/\/www.rovinj-rovigno.hr\/gradska-uprava-i-organizacija\/gradonacelnik\/\",\"url\":\"https:\/\/www.rovinj-rovigno.hr\/gradska-uprava-i-organizacija\/gradonacelnik\/\",\"name\":\"Il Sindaco - Citta di Rovinj-Rovigno\",\"isPartOf\":{\"@id\":\"https:\/\/www.rovinj-rovigno.hr\/#website\"},\"datePublished\":\"2016-11-22T08:53:49+00:00\",\"dateModified\":\"2026-01-07T12:25:09+00:00\",\"breadcrumb\":{\"@id\":\"https:\/\/www.rovinj-rovigno.hr\/gradska-uprava-i-organizacija\/gradonacelnik\/#breadcrumb\"},\"inLanguage\":\"it-IT\",\"potentialAction\":[{\"@type\":\"ReadAction\",\"target\":[\"https:\/\/www.rovinj-rovigno.hr\/gradska-uprava-i-organizacija\/gradonacelnik\/\"]}]},{\"@type\":\"BreadcrumbList\",\"@id\":\"https:\/\/www.rovinj-rovigno.hr\/gradska-uprava-i-organizacija\/gradonacelnik\/#breadcrumb\",\"itemListElement\":[{\"@type\":\"ListItem\",\"position\":1,\"name\":\"Po\u010detna stranica\",\"item\":\"https:\/\/www.rovinj-rovigno.hr\/\"},{\"@type\":\"ListItem\",\"position\":2,\"name\":\"Gradska uprava i organizacija\",\"item\":\"https:\/\/www.rovinj-rovigno.hr\/gradska-uprava-i-organizacija\/\"},{\"@type\":\"ListItem\",\"position\":3,\"name\":\"Gradona\u010delnik\"}]},{\"@type\":\"WebSite\",\"@id\":\"https:\/\/www.rovinj-rovigno.hr\/#website\",\"url\":\"https:\/\/www.rovinj-rovigno.hr\/\",\"name\":\"Citta di Rovinj-Rovigno\",\"description\":\"Sito ufficiale della Citta di Rovinj-Rovigno\",\"potentialAction\":[{\"@type\":\"SearchAction\",\"target\":{\"@type\":\"EntryPoint\",\"urlTemplate\":\"https:\/\/www.rovinj-rovigno.hr\/?s={search_term_string}\"},\"query-input\":\"required name=search_term_string\"}],\"inLanguage\":\"it-IT\"}]}<\/script>\n<!-- \/ Yoast SEO plugin. -->","yoast_head_json":{"title":"Il Sindaco - Citta di Rovinj-Rovigno","robots":{"index":"index","follow":"follow","max-snippet":"max-snippet:-1","max-image-preview":"max-image-preview:large","max-video-preview":"max-video-preview:-1"},"canonical":"https:\/\/www.rovinj-rovigno.hr\/gradska-uprava-i-organizacija\/gradonacelnik\/","og_locale":"it_IT","og_type":"article","og_title":"Il Sindaco - Citta di Rovinj-Rovigno","og_description":"&nbsp; Emil Nim\u010devi\u0107 \u00e8 nato il 4 dicembre 1979 a Pola e ha trascorso l\u2019infanzia a Rovigno, dove ha completato il percorso prescolare, la scuola elementare e quella media superiore. Successivamente si iscrive alla Facolt\u00e0 di Cinesiologia dell\u2019Universit\u00e0 di Zagabria, dove consegue il titolo di professore di educazione fisica. Durante gli studi approfondisce ulteriormente le [&hellip;]","og_url":"https:\/\/www.rovinj-rovigno.hr\/gradska-uprava-i-organizacija\/gradonacelnik\/","og_site_name":"Citta di Rovinj-Rovigno","article_modified_time":"2026-01-07T12:25:09+00:00","og_image":[{"url":"https:\/\/www.rovinj-rovigno.hr\/wp-content\/uploads\/2025\/05\/Emil-300x298.png"}],"twitter_card":"summary_large_image","twitter_misc":{"Tempo di lettura stimato":"2 minuti"},"schema":{"@context":"https:\/\/schema.org","@graph":[{"@type":"WebPage","@id":"https:\/\/www.rovinj-rovigno.hr\/gradska-uprava-i-organizacija\/gradonacelnik\/","url":"https:\/\/www.rovinj-rovigno.hr\/gradska-uprava-i-organizacija\/gradonacelnik\/","name":"Il Sindaco - Citta di Rovinj-Rovigno","isPartOf":{"@id":"https:\/\/www.rovinj-rovigno.hr\/#website"},"datePublished":"2016-11-22T08:53:49+00:00","dateModified":"2026-01-07T12:25:09+00:00","breadcrumb":{"@id":"https:\/\/www.rovinj-rovigno.hr\/gradska-uprava-i-organizacija\/gradonacelnik\/#breadcrumb"},"inLanguage":"it-IT","potentialAction":[{"@type":"ReadAction","target":["https:\/\/www.rovinj-rovigno.hr\/gradska-uprava-i-organizacija\/gradonacelnik\/"]}]},{"@type":"BreadcrumbList","@id":"https:\/\/www.rovinj-rovigno.hr\/gradska-uprava-i-organizacija\/gradonacelnik\/#breadcrumb","itemListElement":[{"@type":"ListItem","position":1,"name":"Po\u010detna stranica","item":"https:\/\/www.rovinj-rovigno.hr\/"},{"@type":"ListItem","position":2,"name":"Gradska uprava i organizacija","item":"https:\/\/www.rovinj-rovigno.hr\/gradska-uprava-i-organizacija\/"},{"@type":"ListItem","position":3,"name":"Gradona\u010delnik"}]},{"@type":"WebSite","@id":"https:\/\/www.rovinj-rovigno.hr\/#website","url":"https:\/\/www.rovinj-rovigno.hr\/","name":"Citta di Rovinj-Rovigno","description":"Sito ufficiale della Citta di Rovinj-Rovigno","potentialAction":[{"@type":"SearchAction","target":{"@type":"EntryPoint","urlTemplate":"https:\/\/www.rovinj-rovigno.hr\/?s={search_term_string}"},"query-input":"required name=search_term_string"}],"inLanguage":"it-IT"}]}},"_links":{"self":[{"href":"https:\/\/www.rovinj-rovigno.hr\/it\/wp-json\/wp\/v2\/pages\/231"}],"collection":[{"href":"https:\/\/www.rovinj-rovigno.hr\/it\/wp-json\/wp\/v2\/pages"}],"about":[{"href":"https:\/\/www.rovinj-rovigno.hr\/it\/wp-json\/wp\/v2\/types\/page"}],"author":[{"embeddable":true,"href":"https:\/\/www.rovinj-rovigno.hr\/it\/wp-json\/wp\/v2\/users\/2"}],"replies":[{"embeddable":true,"href":"https:\/\/www.rovinj-rovigno.hr\/it\/wp-json\/wp\/v2\/comments?post=231"}],"version-history":[{"count":2,"href":"https:\/\/www.rovinj-rovigno.hr\/it\/wp-json\/wp\/v2\/pages\/231\/revisions"}],"predecessor-version":[{"id":48904,"href":"https:\/\/www.rovinj-rovigno.hr\/it\/wp-json\/wp\/v2\/pages\/231\/revisions\/48904"}],"up":[{"embeddable":true,"href":"https:\/\/www.rovinj-rovigno.hr\/it\/wp-json\/wp\/v2\/pages\/16"}],"wp:attachment":[{"href":"https:\/\/www.rovinj-rovigno.hr\/it\/wp-json\/wp\/v2\/media?parent=231"}],"curies":[{"name":"wp","href":"https:\/\/api.w.org\/{rel}","templated":true}]}}